{"id":1194,"date":"2016-01-15T12:41:00","date_gmt":"2016-01-15T11:41:00","guid":{"rendered":"http:\/\/www.maderthaner.cc\/?page_id=1194"},"modified":"2026-01-28T19:56:02","modified_gmt":"2026-01-28T18:56:02","slug":"ausstellungen","status":"publish","type":"page","link":"https:\/\/www.maderthaner.cc\/index.php\/biografie\/ausstellungen\/","title":{"rendered":"shows"},"content":{"rendered":"<p>[et_pb_section fb_built=&#8220;1&#8243; _builder_version=&#8220;3.22&#8243;][et_pb_row column_structure=&#8220;1_3,2_3&#8243; _builder_version=&#8220;3.25&#8243; background_size=&#8220;initial&#8220; background_position=&#8220;top_left&#8220; background_repeat=&#8220;repeat&#8220;][et_pb_column type=&#8220;1_3&#8243; _builder_version=&#8220;3.25&#8243; custom_padding=&#8220;|||&#8220; custom_padding__hover=&#8220;|||&#8220;][et_pb_image src=&#8220;https:\/\/www.maderthaner.cc\/wp-content\/uploads\/2016\/02\/maderthaner03csabine-hauswirth.jpg&#8220; alt=&#8220;Foto by Sabine Hauswirth&#8220; title_text=&#8220;Foto by Sabine Hauswirth&#8220; url=&#8220;https:\/\/www.maderthaner.cc\/wp-content\/uploads\/2016\/02\/maderthaner03csabine-hauswirth_-1.jpg&#8220; url_new_window=&#8220;on&#8220; align_tablet=&#8220;center&#8220; align_phone=&#8220;&#8220; align_last_edited=&#8220;on|desktop&#8220; admin_label=&#8220;Bild&#8220; _builder_version=&#8220;3.23&#8243; animation=&#8220;off&#8220; sticky=&#8220;off&#8220;][\/et_pb_image][et_pb_text admin_label=&#8220;Text&#8220; _builder_version=&#8220;3.27.4&#8243; background_size=&#8220;initial&#8220; background_position=&#8220;top_left&#8220; background_repeat=&#8220;repeat&#8220;]Foto Sabine Hauswirth<\/p>\n<p>&nbsp;<\/p>\n<p>&nbsp;<br \/>\n[\/et_pb_text][et_pb_image src=&#8220;https:\/\/www.maderthaner.cc\/wp-content\/uploads\/2016\/01\/angerlehner1.jpg&#8220; alt=&#8220;Einblick in die Ausstellung Museum Angerlehner&#8220; title_text=&#8220;\u201e1591\u20132015\u201c \u2014 Museum Angerlehner\/Wels Talheim (Personale)&#8220; align_tablet=&#8220;center&#8220; align_phone=&#8220;&#8220; align_last_edited=&#8220;on|desktop&#8220; admin_label=&#8220;Bild&#8220; _builder_version=&#8220;3.23&#8243; animation=&#8220;off&#8220; sticky=&#8220;off&#8220;][\/et_pb_image][et_pb_image src=&#8220;https:\/\/www.maderthaner.cc\/wp-content\/uploads\/2016\/01\/angerlehner2.jpg&#8220; align_tablet=&#8220;center&#8220; align_phone=&#8220;&#8220; align_last_edited=&#8220;on|desktop&#8220; admin_label=&#8220;Bild&#8220; _builder_version=&#8220;3.23&#8243; animation=&#8220;off&#8220; sticky=&#8220;off&#8220;][\/et_pb_image][et_pb_image src=&#8220;https:\/\/www.maderthaner.cc\/wp-content\/uploads\/2016\/01\/angerlehner3.jpg&#8220; align_tablet=&#8220;center&#8220; align_phone=&#8220;&#8220; align_last_edited=&#8220;on|desktop&#8220; admin_label=&#8220;Bild&#8220; _builder_version=&#8220;3.23&#8243; animation=&#8220;off&#8220; sticky=&#8220;off&#8220;][\/et_pb_image][\/et_pb_column][et_pb_column type=&#8220;2_3&#8243; _builder_version=&#8220;3.25&#8243; custom_padding=&#8220;|||&#8220; custom_padding__hover=&#8220;|||&#8220;][et_pb_text admin_label=&#8220;SHOWS&#8220; _builder_version=&#8220;4.6.1&#8243; background_size=&#8220;initial&#8220; background_position=&#8220;top_left&#8220; background_repeat=&#8220;repeat&#8220; hover_enabled=&#8220;0&#8243; sticky_enabled=&#8220;0&#8243;]<\/p>\n<h3>Ausstellungen | Shows<\/h3>\n<p><strong>2025<\/strong><\/p>\n<ul>\n<li>&#8222;Flower Power \u2013 eine Kulturgeschichte der Pflanzen&#8220;, N\u00d6 Landesgalerie; Krems<\/li>\n<li>&#8222;The Glory of Beauty&#8220;, Kulturzentrum von Budapest, Pesti Vigad\u00f3<\/li>\n<li>&#8222;Volto \u2013 Antlitz&#8220;, Sammlung Sparkasse Bozen<\/li>\n<li>&#8222;Trialog&#8220;, Sensationsverlag mit Max B\u00f6hme und Ronald Kodritsch<\/li>\n<li>Galerie Lehner, Aggsbach, mit Max B\u00f6hme<\/li>\n<li>Teilnahme an Art Karlsruhe, Art Austria, Wikam, Fair for Art<\/li>\n<li>Galerie Rothamel\/Erfurt (solo)<\/li>\n<li>&#8222;The\u00a0Gloria\u00a0of Beauty&#8220;; Budapest,\u00a0Magyar M\u0171v\u00e9szeti Akad\u00e9mia (mit Eduard\u00a0Angeli und Rudolf Leitner-\u00a0Gr\u00fcndberg)<\/li>\n<li>Galerie Mitter (mit Bianca Regl, Alexandra Kontriner und Ramona Schnekenburger)<\/li>\n<\/ul>\n<p>[\/et_pb_text][et_pb_text admin_label=&#8220;SHOWS&#8220; _builder_version=&#8220;4.6.1&#8243; background_size=&#8220;initial&#8220; background_position=&#8220;top_left&#8220; background_repeat=&#8220;repeat&#8220;]<\/p>\n<p><strong>2024<\/strong><\/p>\n<ul>\n<li>&#8222;Der Stall&#8220;, Schloss Ennsegg, Enns, kuratiert von Galerie H\/G\u00fcnter Mitter (Personale)<\/li>\n<li>&#8222;Who never painted grey&#8220;, Galerie Brennecke, Berlin (Personale)<\/li>\n<li>&#8222;Full Bloom&#8220; Pflanzen in der zeitgen\u00f6ssischen Kunst, Lindenhof Raabs, kuratiert von Franziska Maderthaner<\/li>\n<li>&#8222;Hard and soft and the space between&#8220;, Galerie Bachlechner, Graz, mit Peter Niedertscheider und Thomas Riess<\/li>\n<li>&#8222;Die letzten Tage von Franz Kafka&#8220;, Artspace Morokutti, Venedig, Stadtmuseum Klosterneuburg, Kunstverein artP, Perchtoldsdorf<\/li>\n<li>&#8222;PARABOLE&#8220;, NOEDOK Zentrum, St. P\u00f6lten<\/li>\n<li>&#8222;Wunderkammer&#8220;, K\u00fcnstlerhaus Wien<\/li>\n<li>&#8222;Female Gaze&#8220;, Galerie Lehner, Wien<\/li>\n<li>&#8222;Haut und Haar&#8220;, Galerie Aggsbach Art, Aggsbach<\/li>\n<li>&#8222;Collector\u2019s Choice&#8220;, Museum Angerlehner, Wels<\/li>\n<li>&#8222;Vom Barock bis zur Gegenwart&#8220;, Kunsthalle T\u00fcbingen<\/li>\n<li>Teilnahme an Art Karlsruhe, Art Vienna, Fair for Art, Wikam, Positions\/Berlin<\/li>\n<\/ul>\n<p>[\/et_pb_text][et_pb_text admin_label=&#8220;SHOWS&#8220; _builder_version=&#8220;4.6.1&#8243; background_size=&#8220;initial&#8220; background_position=&#8220;top_left&#8220; background_repeat=&#8220;repeat&#8220;]<\/p>\n<p><strong>2023<\/strong><\/p>\n<ul>\n<li>&#8222;Kunstsch\u00e4tze vom Barock bis zur Gegenwart&#8220;, Landesgalerie Nieder\u00f6sterreich (Beteiligung)<\/li>\n<li>&#8222;Autumn Leaves&#8220;- Pflanzen in der zeitgen\u00f6ssischen Kunst, Kunsthaus K\u00f6flach (Beteiligung und Kuratorin)<\/li>\n<li>&#8222;Inspiration K\u00f6rper&#8220;, Museum Angerlehner (Beteiligung)<\/li>\n<li>&#8222;Der weibliche Blick\u201c&#8220; Galerie Brunnhofer, Linz (Beteiligung)<\/li>\n<li>&#8222;Private Punk&#8220;, grubeck contemporary, Wien<\/li>\n<li>&#8222;Programm&#8220;, Galerie Bachlechner, Graz (Beteiligung)<\/li>\n<li>&#8222;Simply the best&#8220;, pop up WILDHERZ, Wien (Beteiligung)<\/li>\n<li>&#8222;Was bleibt?&#8220;, Editions Pr\u00e4sentation des ACC des roten Kreuzes, Wien<\/li>\n<li>&#8222;Portrait extended&#8220;, grubeck contemporary, Wien (Beteiligung)<\/li>\n<li>&#8222;Second Stop\u201c&#8220; \u00f6sterreichisches Kulturforum Bratislava (Beteiligung)<\/li>\n<\/ul>\n<p>Teilnahme an folgenden Messen: Art Karslruhe, Positions Berlin, Art Austria, Fair for Art, WIKAM<\/p>\n<p><a href=\"https:\/\/www.3sat.de\/kultur\/museums-check\/museums-check-mit-markus-brock-174.html\" target=\"_blank\" rel=\"noopener noreferrer\" title=\"VIDEOLINK\">https:\/\/www.3sat.de\/kultur\/museums-check\/museums-check-mit-markus-brock-174.html<\/a><\/p>\n<p>[\/et_pb_text][et_pb_text admin_label=&#8220;SHOWS&#8220; _builder_version=&#8220;4.6.1&#8243; background_size=&#8220;initial&#8220; background_position=&#8220;top_left&#8220; background_repeat=&#8220;repeat&#8220;]<\/p>\n<p><strong>2022<\/strong><\/p>\n<ul>\n<li>&#8222;Country Punk&#8220;, Galerie Trapp, Salzburg, Einzelausstellung<\/li>\n<li>Galerie Brennecke, Berlin, Einzelausstellung<\/li>\n<li>&#8222;Kunst, Leben, Leidenschaft \u2013 10 Jahre Museum Angerlehner, Wels, Gruppenausstellung<\/li>\n<li>&#8222;Rendez-vous mit der Sammlung&#8220; Landesgalerie N\u00d6, Krems, Gruppenausstellung<\/li>\n<li>&#8222;Sp\u00e4ter ist egal&#8220;, Galerie Wolfrum, Gruppenausstellung<\/li>\n<li>MillstART &#8222;Sinne_Wahrnehmung und Ausnahme&#8220;, Millstatt, Gruppenausstellung<\/li>\n<li>Weinbar Unger und Klein, Wien, Einzelpr\u00e4sentation<\/li>\n<\/ul>\n<p><strong>2021<\/strong><\/p>\n<ul>\n<li>&#8222;Bon Voyage&#8220; \u2014 Kunst an der Grenze, Jennersdorf (Personale)<\/li>\n<\/ul>\n<p><strong>2020<\/strong><\/p>\n<ul>\n<li>\u201eSix Appeal\u201c \u2014 NOEDOK St. P\u00f6lten<\/li>\n<li>&#8222;Faces and Games&#8220; \u2014 Kunstfabrik Gro\u00df-Siegharts (Personale)<\/li>\n<li>&#8222;About Men and Horses&#8220; \u2014 Modulart in the MuTh (Personale)<\/li>\n<li>&#8222;Tulpmania&#8220; \u2014 Galerie Brennecke, Berlin (Personale)<\/li>\n<li>&#8222;Neue Wirklichkeiten &#8211; Karen Holl\u00e4nder, Franziska Maderthaner, Bianca Regl&#8220; \u2014 Galerie Estermann+Messner, Wien<\/li>\n<\/ul>\n<p><strong>2019<\/strong><\/p>\n<ul>\n<li>\u201eBilder \u00fcber Bilder\u201c \u2014 Galerie Brunnhofer, Linz (Personale)<\/li>\n<li>\u201eDie Kunst ist weiblich\u201c \u2014 Galerie Brunnhofer, Linz<\/li>\n<li>\u201eSehnsuchtsr\u00e4ume&#8220; \u2014 Landesgalerie Nieder\u00f6sterreich, Krems<\/li>\n<li>\u201eIch bin alles zugleich\u201c Selbstdarstellung von Schiele bis heute \u2014 Landesgalerie Nieder\u00f6sterreich, Krems<\/li>\n<li>&#8222;Paper Postions Berlin&#8220; mit Galerie Brennecke\/Berlin<\/li>\n<li>&#8222;Maderthaner\/Andessner\/Tragut&#8220; \u2014 Galerie artemons contemporary Wien<\/li>\n<\/ul>\n<p><strong>2018<\/strong><\/p>\n<ul>\n<li>&#8222;Time machine&#8220; \u2014 Galerie Brennecke, Berlin (Personale) &#8222;Treffen sich eine Malerin und zwei Maler\u2026&#8220; (Gemeinschaftsbilder von Max B\u00f6hme, Ronald Kodritsch und Franziska Maderthaner) \u2014 Galerie Neuheisel Saarbr\u00fccken<\/li>\n<li>&#8222;Fetzn&#8220; (Schnur\/Luser\/Maderthaner\/Kodritsch\/Estermann) \u2014 Galerie Verbeck, Antwerpen<\/li>\n<li>&#8222;Echt jetzt?&#8220; Zitat und Kopie in der Kunst \u2014Landesgalerie Linz<\/li>\n<li>&#8222;Trialog&#8220; (Gemeinschaftsbilder mit Max B\u00f6hme und Ronald Kodritsch) \u2014 Galerie Brunnhofer, Linz<\/li>\n<li>&#8222;Operation Make-up&#8220; (Gemeinschaftsbilder mit Ronald Kodritsch) \u2014 Galerie modul art, Wien<\/li>\n<\/ul>\n<p><strong>2017<\/strong><\/p>\n<ul>\n<li>&#8222;Maria Lassnig, Franziska Maderthaner, Esther Stocker, Gerlind Zeilner&#8220; \u2014 B.LA foundation Wien<\/li>\n<li>&#8222;Irene Andesser, Veronika Dirnhofer, Franzsika Maderthaner, Anna Stangl&#8220; \u2014 Galerie 422 Margund L\u00f6ssl<\/li>\n<li>\u201ePower-Frauen-Power\u201c \u2014 N\u00f6 Art-Jahresausstellung<\/li>\n<li>\u201eAvant Hard &#8211; Avant Fart\u201c \u2014 Kunstraum Wohlleb, Wien<\/li>\n<li>\u201eWertpapiere\u201c \u2014 Arbeiten auf Papier, Galerie Wolfrum, Wien<\/li>\n<li>\u201eInstant edition\u201c \u2014 Galerie modul-art, Wien<\/li>\n<li>&#8222;Treffen sich eine Malerin und zwei Maler\u2026&#8220; (Gemeinschaftsbilder von Max B\u00f6hme, Ronald Kodritsch und Franziska Maderthaner) \u2014 Kunstraum Nestroyhof Wien<\/li>\n<\/ul>\n<p><strong>2016<\/strong><\/p>\n<ul>\n<li>&#8222;Gemischte Gef\u00fchle KLASSE KUNST V&#8220; \u2014 Landesgalerie Linz (Gruppenausstellung)<\/li>\n<li>&#8222;Instant Edition#19&#8220; \u2014 Projektraum Lucas Cuturi (Personale)<\/li>\n<li>&#8222;Hiding landscape&#8220; Galerie Brennecke, Berlin (Gruppenausstellung)<\/li>\n<li>&#8222;Der feine Riss \u2013 Zeitgen\u00f6ssische Malerei auf dem historischen Feld&#8220; \u2014 Haus am L\u00fctzowplatz Berlin (Gruppenausstellung)<\/li>\n<li>&#8222;Franziska Maderthaner \u2013 Recent Works&#8220; \u2014 Galerie Brennecke, Berlin (Personale)<\/li>\n<li>&#8222;Franziska Maderthaner \u2013 Malerei&#8220; \u2014 Galerie Exner, Wien (Personale)<\/li>\n<li>&#8222;Das Leben ist ein freier Flu\u00df&#8220; \u2014 Eremitage am Kamp Wegscheid (Gruppenausstellung)<\/li>\n<li>&#8222;Franziska Maderthaner \u2013 Malerei&#8220; \u2014 Galerie Neuheisel, Saarbr\u00fccken (Personale)<\/li>\n<\/ul>\n<p><strong>2015<\/strong><\/p>\n<ul>\n<li>&#8222;1591\u20132015&#8220; \u2014 Museum Angerlehner\/Wels Talheim (Personale)<\/li>\n<li>Galerie Artemons Contemporary, Hellmons\u00f6dt\/O\u00d6 (Personale)<\/li>\n<li>&#8222;Sehst\u00fccke&#8220; \u2014 Galerie Brennecke, Berlin (Gruppenausstellung)<\/li>\n<li>&#8222;Group Therapy&#8220; \u2014 Galerie Neuheisel, Saarbr\u00fccken (Gruppenausstellung) &#8222;cutting-edge&#8220; \u2014 Galerie Brennecke, Berlin (Gruppenausstellung)<\/li>\n<li>&#8222;Don&#8217;t look back&#8220; \u2014 Galerie Brennecke, Berlin (Gruppenausstellung)<\/li>\n<li>&#8222;Ganz nah und weit weg&#8220; \u2014 Galerie Wolfgang Exner, Wien (Gruppenausstellung)<\/li>\n<\/ul>\n<p><strong>2014<\/strong><\/p>\n<ul>\n<li>&#8222;Crazy Horse&#8220; \u2014 Galerie Brennecke, Berlin (Personale)<\/li>\n<li>&#8222;Malerei &#8211; Franziska Maderthaner&#8220; \u2014 Gesellschaft f\u00fcr junge Kunst Baden-Baden (Personale)<\/li>\n<li>&#8222;Figuration zwischen Traum und Wirklichkeit&#8220; \u2014 Museum Angerlehner (Jahresausstellung 2014)<\/li>\n<li>&#8222;Bilderwildern&#8220; \u2014 Galerie Exner (Personale) Teilnahme an art austria, Kunst Z\u00fcrich, Art Karlsruhe, positions Berlin<\/li>\n<\/ul>\n<p><strong>2013<\/strong><\/p>\n<ul>\n<li>&#8222;Art Karlsruhe&#8220; \u2014 One Artist Show, Galerie Brennecke<\/li>\n<li>&#8222;bunt&#8220; \u2014 Apartment Draschan (Gruppenaussstellung)<\/li>\n<li>&#8222;Wertpapiere&#8220; \u2014 Galerie Neuheisel, Saarbr\u00fccken, Katalog (Personale)<\/li>\n<li>&#8222;Safe as Milk&#8220; \u2014 Museum Angerlehner, Diskussion und Einzelpr\u00e4sentation Teilnahme an: art austria, art Karlsruhe, Kunst Z\u00fcrich, artfair K\u00f6ln Gruppenausstellungen in Berlin\/Galerie Brennecke, D\u00fcsseldorf \/Galerie Brennecke, Frankfurt\/Galerie Barbara von Stechow und Wien\/Galerie Exner<\/li>\n<li>Kuratorisches Projekt: &#8222;Ich sehe deine Worte nicht in Farbe&#8220; (Malerei von Studierenden der Abt.KKP) Ausstellung im Lichthof der Universit\u00e4t f\u00fcr angewandte Kunst Wien<\/li>\n<\/ul>\n<p><strong>2012<\/strong><\/p>\n<ul>\n<li>&#8222;In Bed With Abstraction&#8220; \u2014 Galerie Brennecke Berlin (Personale)<\/li>\n<li>&#8222;Eine T\u00fcrklingel, die macht mir nichts, dir nichts ding-dong&#8220; \u2014 Neuer Kunstverein Aschaffenburg (Martin Br\u00fcger, Franz Burckhardt, Georg Janthur, Franziska Maderthaner, Cameron Rudd)<\/li>\n<li>&#8222;\u00dcben im Dr\u00fcben&#8220; \u2014 Galerie Barbara von Stechow, Frankfurt (Personale)<\/li>\n<li>&#8222;drink.EAT.art&#8220; \u2014 N\u00d6 Art, Themenausstellung 2012, Nieder\u00f6sterreich<\/li>\n<\/ul>\n<p><strong>2011<\/strong><\/p>\n<ul>\n<li>&#8222;transgression&#8220; \u2014 Galerie Brennecke \/Berlin (Personale)<\/li>\n<li>&#8222;sailing&#8220; \u2014 Morgan &amp; Lewis\/Frankfurt in Zusammenarbeit mit Galerie Stechow (Personale)<\/li>\n<li>&#8222;Mein b\u00f6ser Lieblingsonkel&#8220; \/ Hommage an Horst Janssen\u00a0 \u2014 Galerie Exner\/Wien (Personale)<\/li>\n<li>&#8222;Malerei, f&#8220; (B.Dreux, B.Eichhorn, F.Maderthaner, I.Schmidlehner, G.Zeilner)\u00a0 \u2014 Kunstforum Montafon (Personale)<\/li>\n<li>&#8222;One artist show&#8220; \/ art Karlsruhe \u2014 Galerie Brennecke\/Berlin<\/li>\n<li>Teilnahme an: Viennafair, art austria, art Karlsruhe, Kunst Z\u00fcrich, artfair K\u00f6ln<\/li>\n<li>Gruppenausstellungen in Berlin\/Galerie Brennecke, D\u00fcsseldorf \/Galerie Brennecke, Frankfurt\/Galerie Barbara von Stechow, Wien\/Galerie Exner und Lienz\/Galerie Winkler<\/li>\n<li>Kuratorisches Projekt: Summerstage 2011 \u2013 open art\/Wien<\/li>\n<li>&#8222;blau machen&#8220; &#8211; Universit\u00e4t f\u00fcr angewandte Kunst Wien<\/li>\n<\/ul>\n<p><strong>2010<\/strong><\/p>\n<ul>\n<li>&#8222;saint and sinners&#8220; \u2014 Galerie Wolfgang Exner (Personale) (Katalog)<\/li>\n<li>Teilnahme an: Viennafair, art austria, art Karlsruhe, Kunst Z\u00fcrich<\/li>\n<li>Gruppenausstellungen in Berlin\/Galerie Brennecke, Frankfurt\/Galerie Barbara von Stechow, Wien\/Galerie Exner und Linz\/Galerie an der Schmiede<\/li>\n<\/ul>\n<p><strong>2009<\/strong><\/p>\n<ul>\n<li>&#8222;unmade Beds&#8220; \u2014 Galerie Brennecke, Berlin (Personale)<\/li>\n<li>&#8222;sternhagelsch\u00f6n&#8220;, Zeichnungen \u2014 Galerie Studio 18, Wien, (zusammen mit Nicole Krenn, Marlene Hausegger, Tina Oberleitner und Roswitha Weingrill)<\/li>\n<li>&#8222;Neue Bilder&#8220; \u2014 Galerie Exner, Wien (Personale)<\/li>\n<li>&#8222;New Talents&#8220; \u2014 Galerie Barbara von Stechow, Frankfurt<\/li>\n<li>&#8222;Viennafair&#8220; \u2014 Viennafair, (Galerie Exner)<\/li>\n<li>&#8222;Real 06&#8220; \u2014 Galerie Exner, Wien &#8222;Kategorienfehler live&#8220;, neue Aquarelle\u00a0 \u2014 Galerie Exner, Wien (Personale) ONE ARTIST SHOW. Franziska Maderthaner \u2014 art Karlsruhe (Galerie Brennecke)<\/li>\n<li>&#8222;Durchzug!&#8220; \u2014 Galerie Brennecke, Berlin<\/li>\n<\/ul>\n<p><strong>2008<\/strong><\/p>\n<ul>\n<li>&#8222;_andererseits offen&#8220; \u2014 Galerie Exner, Wien (Personale)<\/li>\n<li>&#8222;mothers finest&#8220; \u2014 kunstverein mistelbach<\/li>\n<\/ul>\n<p><strong>2007<\/strong><\/p>\n<ul>\n<li>&#8222;gesch\u00fcttet, unger\u00fchrt&#8220; \u2014 Galerie Exner, Wien (Personale) &#8222;Ausziehen&#8220; \u2014 NN-Fabrik, Oslip<\/li>\n<li>&#8222;Wasser und \u00d6l&#8220;\u2014 Agitas, Wien (Personale)<\/li>\n<li>&#8222;Pop 07&#8220; \u2014 Galerie Exner, Wien (Personale)<\/li>\n<\/ul>\n<p><strong>2006<\/strong><\/p>\n<ul>\n<li>&#8222;Wasser und \u00d6l&#8220; \u2014 Galerie Exner, Wien (Personale) &#8222;Zu Picasso&#8220; \u2014 Galerie Exner, Wien Art. Fair K\u00f6ln<\/li>\n<\/ul>\n<p><strong>2005<\/strong><\/p>\n<ul>\n<li>&#8222;Bis Jetzt&#8220; \u2014 Galerie Exner, Wien (Personale) &#8222;Spiel(t)r\u00e4ume&#8220; \u2014 Galerie Exner, Wien &#8222;Wi(e)derstand&#8220; \u2014 NN Fabrik, Oslip\/ Bgld. Art.Fair K\u00f6ln &#8222;Disclose&#8220; \u2014 Galerie Wolfrum, Wien &#8222;aus 9&#8220; \u2014 Halle Steinek, Wien<\/li>\n<\/ul>\n<p><strong>2004<\/strong><\/p>\n<ul>\n<li>&#8222;Reserve der Form&#8220; \u2014 K\u00fcnstlerhaus, Wien<\/li>\n<li>&#8222;Handlungsanweisungen&#8220; \u2014 Kunstpfad am Karlsplatz &#8211; Kunsthalle Wien<\/li>\n<li>&#8222;Vista Point&#8220; \u2014 Halle der Familie Bernsteiner\u00a0 (Personale)<\/li>\n<li>&#8222;Open Art&#8220; \u2014 Summerstage, Wien &#8222;Austrian Contemporary Art&#8220; \u2014 Cultural Foundation, Abu Dhabi (VAE)<\/li>\n<\/ul>\n<p><strong>2003<\/strong><\/p>\n<ul>\n<li>&#8222;Go Johnny, go!&#8220; \u2014 Kunsthalle Wien &#8222;Reality Check!&#8220; \u2014 Frauenbad Baden bei Wien &#8222;Tendenzen&#8220; \u2014 Galerie Exner, Wien &#8222;Powerplay&#8220; \u2014 Galerie Wolfrum, Wien &#8222;Taxi 01&#8220; \u2014 Schloss an der Eisenstrasse, Waidhofen\/Ybbs &#8222;Reality Check!&#8220; \u2014 Rathausgalerie, Waidhofen\/Ybbs<\/li>\n<\/ul>\n<p><strong>2002<\/strong><\/p>\n<ul>\n<li>&#8222;88 euro&#8220; \u2014 ict &#8211; Franz Morgenbesser (Kuratorin) &#8222;Whats new?&#8220; \u2014 IG Bildende Kunst, Wien &#8222;Supermarkt&#8220; \u2014 Popmuseum Wien &#8222;Ad Personam&#8220; \u2014 Projektraum Viktor Bucher, Wien &#8222;Break&#8220; \u2014 Filmprojekt in Zusammenarbeit mit der Universit\u00e4t f\u00fcr angewandte Kunst Wien &#8222;MAS&#8220; \u2014 Museum f\u00fcr angewandtes Sehen, S\u00fcdbahnhof, Wien &#8222;Sex sells&#8220; \u2014 Kunstverlag Wolfrum, Wien Kuratorisches Projekt: &#8222;After University&#8220; \u2014 IG Bildende Kunst, Wien<\/li>\n<\/ul>\n<p><strong>2000<\/strong><\/p>\n<ul>\n<li>&#8222;Recycling&#8220; \u2014 Projektraum Viktor Bucher, Wien &#8222;Lou Rosenblatt (1889-1970)&#8220; \u2014 Salon Sinnvoll, Wien <strong>1999<\/strong> &#8222;Real Virtuality&#8220; \u2014 Heizhaus Stammersdorf (Personale) &#8222;Kreation im Prozess&#8220; \u2014 Heizhaus Stammersdorf (Katalog) &#8222;Kunst Steffl&#8220; \u2014 Kaufhaus Steffl, Wien (Personale) &#8222;Es ist was es ist&#8220; \u2014 Rauminstallation Stiegenhaus Kaufhaus Steffl, Wien Kunstmesse Wien (Folder) <strong>1998<\/strong> Herausgeberin von: IDEALZONE WIEN &#8211; die schnellen Jahre 1978-1985\u00a0 (Falterverlag) <strong>1997<\/strong> &#8222;Er\u00f6ffnungsausstellung&#8220; \u2014 Arthotel Vienna Passagengalerie K\u00fcnstlerhaus, Wien <strong>1996<\/strong> Moulin Rouge, Wien (Personale) <strong>1995<\/strong> &#8222;Kunstraum Wien&#8220; \u2014 Museumsquartier Wien &#8222;Kunst und Politik&#8220; \u2014 Parlament Wien (Konzept und Organisation) Jugendstiltheater am Steinhof, Wien (Personale) Projektraum Viktor Bucher, Wien (Personale) &#8222;Die Zahnspange&#8220; \u2014 Pr\u00e4sentation eines Wandbilds, Wien <strong>1994<\/strong> Managementclub Wien (Personale) Er\u00f6ffnungsausstellung Fifty, Wien (Personale, Katalog) <strong>1992<\/strong> Galerie A3, Eferding (Personale) Pr\u00e4sentation eines Wandbilds \u2014 Bank Austria Klosterneuburg Gr\u00fcndung von ART.WORK <strong>1991<\/strong> Academia Romana, Wien (Personale, Katalog)<\/li>\n<\/ul>\n<p><strong>1990<\/strong><\/p>\n<ul>\n<li>Internationale Kunstmesse RAI-Amsterdam &#8222;Metalog&#8220; \u2014 Kunstforum Hartberg, (Konzeption, Organisation, Katalog) &#8222;Kunstbaustelle MAK&#8220; \u2014 Museum f\u00fcr angewandte Kunst, Wien Ausstellungsraum 1020, Wien <strong>1989<\/strong> &#8222;Stilleben&#8220;\u2014 Walter Buchebner Gesellschaft, M\u00fcrzzuschlag (Katalog) &#8222;Museum des 21. Jahrhunderts&#8220; \u2014 Wien (Katalog) &#8222;Junge Szene Wien&#8220; \u2014 Sezession Wien (Katalog) WOONPLAATS WENEN\u00a0 \u2014 Witzenhausen-\/Meijrink, Amsterdam (Personale, Katalog) Galerie Torch, Amsterdam <strong>1988<\/strong> Galerie Cajetan Grill, Wien (Personale, Katalog) DIE COLLAGE\u00a0 \u2014 Galerie Walter Pabst, M\u00fcnchen DIE COLLAGE\u00a0 \u2014 Galerie Eugen Lendl, Graz Prima Vista\u00a0 \u2014 Z-Galerie Wien (Katalog) <strong>1986<\/strong> &#8222;Das offene Auge&#8220; \u2014 Kohlmarkt Wien (Katalog) <strong>1984<\/strong> &#8222;What is now is not tomorrow&#8220; (mit W. Schrom) \u2014 Galerie Mana, Wien<\/li>\n<\/ul>\n<p>[\/et_pb_text][\/et_pb_column][\/et_pb_row][\/et_pb_section]<\/p>\n","protected":false},"excerpt":{"rendered":"<p>Gruppenausstellungen und Personalen von Franziska Maderthaner von 1990 bis heute<\/p>\n","protected":false},"author":4,"featured_media":3106,"parent":299,"menu_order":0,"comment_status":"closed","ping_status":"closed","template":"","meta":{"_et_pb_use_builder":"on","_et_pb_old_content":"","_et_gb_content_width":"","footnotes":""},"class_list":["post-1194","page","type-page","status-publish","has-post-thumbnail","hentry"],"_links":{"self":[{"href":"https:\/\/www.maderthaner.cc\/index.php\/wp-json\/wp\/v2\/pages\/1194","targetHints":{"allow":["GET"]}}],"collection":[{"href":"https:\/\/www.maderthaner.cc\/index.php\/wp-json\/wp\/v2\/pages"}],"about":[{"href":"https:\/\/www.maderthaner.cc\/index.php\/wp-json\/wp\/v2\/types\/page"}],"author":[{"embeddable":true,"href":"https:\/\/www.maderthaner.cc\/index.php\/wp-json\/wp\/v2\/users\/4"}],"replies":[{"embeddable":true,"href":"https:\/\/www.maderthaner.cc\/index.php\/wp-json\/wp\/v2\/comments?post=1194"}],"version-history":[{"count":11,"href":"https:\/\/www.maderthaner.cc\/index.php\/wp-json\/wp\/v2\/pages\/1194\/revisions"}],"predecessor-version":[{"id":5032,"href":"https:\/\/www.maderthaner.cc\/index.php\/wp-json\/wp\/v2\/pages\/1194\/revisions\/5032"}],"up":[{"embeddable":true,"href":"https:\/\/www.maderthaner.cc\/index.php\/wp-json\/wp\/v2\/pages\/299"}],"wp:featuredmedia":[{"embeddable":true,"href":"https:\/\/www.maderthaner.cc\/index.php\/wp-json\/wp\/v2\/media\/3106"}],"wp:attachment":[{"href":"https:\/\/www.maderthaner.cc\/index.php\/wp-json\/wp\/v2\/media?parent=1194"}],"curies":[{"name":"wp","href":"https:\/\/api.w.org\/{rel}","templated":true}]}}